{"id":1834,"date":"2020-11-02T16:41:35","date_gmt":"2020-11-02T16:41:35","guid":{"rendered":"https:\/\/www.fum.it\/fondazione-marmo-onlus\/"},"modified":"2024-12-18T16:31:52","modified_gmt":"2024-12-18T15:31:52","slug":"fondazione-marmo-onlus","status":"publish","type":"page","link":"https:\/\/www.fum.it\/en\/fondazione-marmo-onlus\/","title":{"rendered":"Fondazione Marmo Onlus"},"content":{"rendered":"<div class=\"mb-5 text-justify\">The Fondazione Marmo began in February 2017, born out of a great love for the city of Carrara. This love compelled Franchi Umberto Marmi and many other like-minded companies in the area to join forces to continue and give stability to the acts of solidarity and support they were already carrying out individually. The foundation gives life to initiatives with the single, remarkable goal of gathering resources for investment in order to generate trust, social capital, and to improve the quality of local life.<br \/>\nThe company acts in collaboration with other institutional and economic actors in the area, to foster the development of active, cohesive, and integral communities.\n<\/div>\n<h2 class=\"mtit text-center\">Gli obiettivi della Fondazione<\/h2>\n<div class=\"row margibo100 mt-5\">\n<div class=\"col-md-4 p-4\">\n<div class=\"qodef-iwt clearfix qodef-iwt-icon-left qodef-iwt-icon-small\">\n<div class=\"qodef-iwt-content\">\n<h6 class=\"qodef-iwt-title\"><a target=\"_self\" rel=\"noopener\"><br \/>\n<span class=\"qodef-iwt-title-text\">1.<\/span><br \/>\n<\/a><\/h6>\n<p class=\"qodef-iwt-text\">concentrare gli interventi su pochi progetti di spessore piuttosto che disperdere i contributi su tanti fronti, ancorch\u00e9 tutti singolarmente meritevoli;<\/p>\n<\/div>\n<\/div>\n<\/div>\n<div class=\"col-md-4 p-4\">\n<div class=\"qodef-iwt clearfix qodef-iwt-icon-left qodef-iwt-icon-small\">\n<div class=\"qodef-iwt-content\">\n<h6 class=\"qodef-iwt-title\"><a target=\"_self\" rel=\"noopener\"><br \/>\n<span class=\"qodef-iwt-title-text\">2.<\/span><br \/>\n<\/a><\/h6>\n<p class=\"qodef-iwt-text\">far succedere cose nuove (possibilmente genuinamente innovative) piuttosto che concorrere a sostenere attivit\u00e0 gi\u00e0 in essere;<\/p>\n<\/div>\n<\/div>\n<\/div>\n<div class=\"col-md-4 p-4\">\n<div class=\"qodef-iwt clearfix qodef-iwt-icon-left qodef-iwt-icon-small\">\n<div class=\"qodef-iwt-content\">\n<h6 class=\"qodef-iwt-title\"><a target=\"_self\" rel=\"noopener\"><br \/>\n<span class=\"qodef-iwt-title-text\">3.<\/span><br \/>\n<\/a><\/h6>\n<p class=\"qodef-iwt-text\">preferire le spese in investimenti, piuttosto che quelle correnti.<\/p>\n<\/div>\n<\/div>\n<\/div>\n<\/div>\n<div class=\"container-b2 mt-5 mb-5\">\n<div class=\"row\">\n<div class=\"col-12 col-md-6 text-center wow animate__animated animate__fadeInLeft\">\n                <img decoding=\"async\" src=\"https:\/\/www.fum.it\/wp-content\/uploads\/2021\/03\/IMG_0314-Large.jpg\" class=\"img-100\"\/><\/p>\n<div class=\"dida-foto\">Asta 2018<\/div><\/div>\n<div class=\"col-12 col-md-6 text-center wow animate__animated animate__fadeInRight\">\n                <img decoding=\"async\" src=\"https:\/\/www.fum.it\/wp-content\/uploads\/2021\/03\/IMG_3810-Large.jpg\" class=\"img-100\"\/>\n            <\/div><\/div><\/div>\n<div class=\"mb-5 text-justify\">\nLa base sociale della Fondazione \u00e8 costituita da 15 soci Fondatori mentre la qualifica di \u201cSostenitori\u201d \u00e8 riconosciuta alle persone fisiche o giuridiche con riferimento all&#8217;esercizio nel quale effettuano donazioni alla Fondazione.<br \/>\nPer quanto riguarda il sistema di governo, c&#8217;\u00e8 una ampia coincidenza tra i Soci Fondatori e il CDA<\/p>\n<p>il CDA \u00e8 cos\u00ec composto:<\/p>\n<p><strong>Presidente:<\/strong> Bernarda Franchi<br \/>\n<strong>Vicepresidente:<\/strong> Roberto Graziani<br \/>\n<strong>Consiglieri:<\/strong> Marco Borghini, Alessandro Corsi, Carlo Alberto Corsi, Marco De Angelis, Manrico Gemignani, Roberto Graziani, Bernarda Franchi, Erich Lucchetti, Andrea Luciani, Giulio Pegollo, Anselmo Ricci, Andrea Rossi, Matteo Venturi<br \/>\n<strong>Revisore legale:<\/strong> dott. Andrea Pasquini<\/p>\n<p>La Fondazione Marmo \u00e8 stata riconosciuta Onlus con iscrizione nel Registro Ufficiale Agenzia Entrate Firenze nr. 0016348 del 30 marzo 2017.<br \/>\nCon adozione del 27\/7\/2017 \u00e8 stata iscritta nel Registro regionale delle personalit\u00e0 giuridiche della Regione Toscana al nr. 1034.<\/p>\n<p>La Fondazione Marmo \u00e8 iscritta ad Assifero, l&#8217;associazione nazionale delle Fondazioni ed Enti filantropici e a Confindustria Livorno Massa Carrara, la sezione territoriale di Confindustria.\n<\/p><\/div>\n<h2 class=\"mtit text-center\">L&#8217;attivit\u00e0 della Fondazione<\/h2>\n<div class=\"mt-15 mb-5 text-justify\">Per comprendere quanto sia ampio e nello stesso tempo profondo l&#8217;intervento della Fondazione Marmo nel territorio di Massa Carrara occorre considerare l&#8217;ultimo anno di attivit\u00e0 normale cio\u00e8 prima dell&#8217;arrivo della pandemia Covid che ha completamente cambiato anche gli indirizzi delle azioni della Fondazione. Cos\u00ec, esaminando le attivit\u00e0 del 2019, si nota che la Fondazione ha sostenuto 21 progetti per un valore complessivo di 344.091 \u20ac e un importo medio pari a 16.385 \u20ac<br \/>\nSotto il profilo organizzativo, parte dei progetti sono stati realizzati in collaborazione con altre organizzazioni (Con-Vivere, White Marble Marathon..) o in base a fondi donati alla Fondazione con obiettivi specifici (Water Marble Experience, escursioni con barca a vela..).<\/div>\n<div class=\"text-center\">\n<a href=\"https:\/\/www.fondazionemarmo.it\/\" target=\"_blank\" rel=\"noopener\"><img loading=\"lazy\" decoding=\"async\" src=\"https:\/\/www.fum.it\/wp-content\/uploads\/2021\/03\/logo-fondazione-marmo.png\" alt=\"\" width=\"232\" height=\"128\" class=\"alignnone size-full wp-image-1134\" \/><\/a>\n<\/div>\n<p><!--\n\n\n<h2 class=\"mtit text-center\">La Fondazione Marmo Onlus contro la pandemia COVID<\/h2>\n\n\n\n\n<div class=\"mt-15 mb-5 text-justify\">La deflagrazione della pandemia Covid19 ha scardinato i progetti per il 2020 della Fondazione Marmo Onlus che si \u00e8 vista costretta a dirottare risorse dalla gestione ordinaria al contrasto al Covid19: prima per fornire ai presidi sanitari sia pubblici che privati strumenti diagnostici, macchinari e DPI per affrontare le emergenze, e poi per garantire aiuti alle famiglie pi\u00f9 bisognose attraverso la corresponsione di risorse a istituzioni pubbliche, ecclesiastiche e associazioni di volontariato.\nIn poco tempo si \u00e8 messa in moto la rete degli operatori legati alla Fondazione Marmo. Si \u00e8 partiti con una raccolta fondi emergenza Covid che si \u00e8 chiusa con circa 1,2 mln di euro raccolti, un risultato che ha sorpreso la stessa Fondazione: molte le donazione di imprese del settore lapideo e di altri settori ma numerose sono state le donazioni di tanti singoli cittadini e famiglie, persone senza alcuna relazione con la Fondazione e i suoi soci.\nLe risorse raccolte sono state impiegate per acquistare ecografi, ventilatori, robot per sanificazione ambienti, telemetri, mezzi di trasporto e DPI donati agli ospedali del sistema sanitario del territorio di Massa Carrara: reparti ospedalieri, associazioni di volontariato, carcere mandamentale, VVFF, case di riposo, cooperative sociali. Nelle settimane finali del lockdown, gli interventi si sono concentrati sui fabbisogni sociali con la distribuzione di pacchi alimentari e tessere prepagate per acquisti in supermercati.\nMa a fianco della raccolta di denaro c'\u00e8 stata anche una grande mobilitazione umane diretta di decine di imprenditori che per settimane e settimane, quando il nostro Paese era rimasto sprovvisto di Dpi, hanno utilizzato le proprie relazioni internazionali per garantire le importazioni di mascherine, camici, visiere, guanti, termometri, gel, ecc; centinaia di pacchi che poi sono stati da loro assemblati e consegnati di persona agli ospedali e alle organizzazioni del terzo settore che ne hanno fatto richiesta; e nel back office decine di moduli e dichiarazioni doganali, fatture, bonifici internazionali, certificazioni CE, pratiche per la donazione di strumenti alle aziende sanitarie.\nPer il momento risultano impegnati circa i 2\/3 dei fondi raccolti e quindi la Fondazione Marmo Onlus ha gi\u00e0 predisposto una nuova campagna di aiuti per mitigare l'impatto della crisi economica sulle vecchie e le nuove povert\u00e0 e sulle emergenze sociali causate dalla pandemia.<\/div>\n\n\n--><\/p>\n","protected":false},"excerpt":{"rendered":"<p>The Fondazione Marmo began in February 2017, born out of a great love for the city of Carrara. This love compelled Franchi Umberto Marmi and many other like-minded companies in the area to join forces to continue and give stability to the acts of solidarity and support they were already carrying out individually. The foundation [&hellip;]<\/p>\n","protected":false},"author":1,"featured_media":0,"parent":0,"menu_order":146,"comment_status":"closed","ping_status":"closed","template":"","meta":{"_acf_changed":false,"footnotes":""},"class_list":["post-1834","page","type-page","status-publish","hentry"],"acf":[],"yoast_head":"<!-- This site is optimized with the Yoast SEO plugin v27.5 - https:\/\/yoast.com\/product\/yoast-seo-wordpress\/ -->\n<title>Fondazione Marmo Onlus - Franchi Umberto Marmi - Since 1971<\/title>\n<meta name=\"description\" content=\"The Fondazione Marmo began in February 2017, born out of a great love for the city of Carrara, to improve the quality of local life.\" \/>\n<meta name=\"robots\" content=\"index, follow, max-snippet:-1, max-image-preview:large, max-video-preview:-1\" \/>\n<link rel=\"canonical\" href=\"https:\/\/www.fum.it\/en\/fondazione-marmo-onlus\/\" \/>\n<meta property=\"og:locale\" content=\"en_US\" \/>\n<meta property=\"og:type\" content=\"article\" \/>\n<meta property=\"og:title\" content=\"Fondazione Marmo Onlus - Franchi Umberto Marmi - Since 1971\" \/>\n<meta property=\"og:description\" content=\"The Fondazione Marmo began in February 2017, born out of a great love for the city of Carrara, to improve the quality of local life.\" \/>\n<meta property=\"og:url\" content=\"https:\/\/www.fum.it\/en\/fondazione-marmo-onlus\/\" \/>\n<meta property=\"og:site_name\" content=\"Franchi Umberto Marmi\" \/>\n<meta property=\"article:modified_time\" content=\"2024-12-18T15:31:52+00:00\" \/>\n<meta property=\"og:image\" content=\"https:\/\/www.fum.it\/wp-content\/uploads\/2021\/03\/IMG_0314-Large.jpg\" \/>\n<meta name=\"twitter:card\" content=\"summary_large_image\" \/>\n<meta name=\"twitter:label1\" content=\"Est. reading time\" \/>\n\t<meta name=\"twitter:data1\" content=\"3 minutes\" \/>\n<script type=\"application\/ld+json\" class=\"yoast-schema-graph\">{\"@context\":\"https:\\\/\\\/schema.org\",\"@graph\":[{\"@type\":\"WebPage\",\"@id\":\"https:\\\/\\\/www.fum.it\\\/en\\\/fondazione-marmo-onlus\\\/\",\"url\":\"https:\\\/\\\/www.fum.it\\\/en\\\/fondazione-marmo-onlus\\\/\",\"name\":\"Fondazione Marmo Onlus - Franchi Umberto Marmi - Since 1971\",\"isPartOf\":{\"@id\":\"https:\\\/\\\/www.fum.it\\\/en\\\/#website\"},\"primaryImageOfPage\":{\"@id\":\"https:\\\/\\\/www.fum.it\\\/en\\\/fondazione-marmo-onlus\\\/#primaryimage\"},\"image\":{\"@id\":\"https:\\\/\\\/www.fum.it\\\/en\\\/fondazione-marmo-onlus\\\/#primaryimage\"},\"thumbnailUrl\":\"https:\\\/\\\/www.fum.it\\\/wp-content\\\/uploads\\\/2021\\\/03\\\/IMG_0314-Large.jpg\",\"datePublished\":\"2020-11-02T16:41:35+00:00\",\"dateModified\":\"2024-12-18T15:31:52+00:00\",\"description\":\"The Fondazione Marmo began in February 2017, born out of a great love for the city of Carrara, to improve the quality of local life.\",\"breadcrumb\":{\"@id\":\"https:\\\/\\\/www.fum.it\\\/en\\\/fondazione-marmo-onlus\\\/#breadcrumb\"},\"inLanguage\":\"en-US\",\"potentialAction\":[{\"@type\":\"ReadAction\",\"target\":[\"https:\\\/\\\/www.fum.it\\\/en\\\/fondazione-marmo-onlus\\\/\"]}]},{\"@type\":\"ImageObject\",\"inLanguage\":\"en-US\",\"@id\":\"https:\\\/\\\/www.fum.it\\\/en\\\/fondazione-marmo-onlus\\\/#primaryimage\",\"url\":\"https:\\\/\\\/www.fum.it\\\/wp-content\\\/uploads\\\/2021\\\/03\\\/IMG_0314-Large.jpg\",\"contentUrl\":\"https:\\\/\\\/www.fum.it\\\/wp-content\\\/uploads\\\/2021\\\/03\\\/IMG_0314-Large.jpg\"},{\"@type\":\"BreadcrumbList\",\"@id\":\"https:\\\/\\\/www.fum.it\\\/en\\\/fondazione-marmo-onlus\\\/#breadcrumb\",\"itemListElement\":[{\"@type\":\"ListItem\",\"position\":1,\"name\":\"Home\",\"item\":\"https:\\\/\\\/www.fum.it\\\/en\\\/\"},{\"@type\":\"ListItem\",\"position\":2,\"name\":\"Fondazione Marmo Onlus\"}]},{\"@type\":\"WebSite\",\"@id\":\"https:\\\/\\\/www.fum.it\\\/en\\\/#website\",\"url\":\"https:\\\/\\\/www.fum.it\\\/en\\\/\",\"name\":\"Franchi Umberto Marmi\",\"description\":\"\",\"publisher\":{\"@id\":\"https:\\\/\\\/www.fum.it\\\/en\\\/#organization\"},\"potentialAction\":[{\"@type\":\"SearchAction\",\"target\":{\"@type\":\"EntryPoint\",\"urlTemplate\":\"https:\\\/\\\/www.fum.it\\\/en\\\/?s={search_term_string}\"},\"query-input\":{\"@type\":\"PropertyValueSpecification\",\"valueRequired\":true,\"valueName\":\"search_term_string\"}}],\"inLanguage\":\"en-US\"},{\"@type\":\"Organization\",\"@id\":\"https:\\\/\\\/www.fum.it\\\/en\\\/#organization\",\"name\":\"Franchi Umberto Marmi\",\"url\":\"https:\\\/\\\/www.fum.it\\\/en\\\/\",\"logo\":{\"@type\":\"ImageObject\",\"inLanguage\":\"en-US\",\"@id\":\"https:\\\/\\\/www.fum.it\\\/en\\\/#\\\/schema\\\/logo\\\/image\\\/\",\"url\":\"https:\\\/\\\/www.fum.it\\\/wp-content\\\/uploads\\\/2021\\\/03\\\/FRANCHI-UMBERTO-MARMI_logo-orizzontale-nero.png\",\"contentUrl\":\"https:\\\/\\\/www.fum.it\\\/wp-content\\\/uploads\\\/2021\\\/03\\\/FRANCHI-UMBERTO-MARMI_logo-orizzontale-nero.png\",\"width\":2107,\"height\":247,\"caption\":\"Franchi Umberto Marmi\"},\"image\":{\"@id\":\"https:\\\/\\\/www.fum.it\\\/en\\\/#\\\/schema\\\/logo\\\/image\\\/\"}}]}<\/script>\n<!-- \/ Yoast SEO plugin. -->","yoast_head_json":{"title":"Fondazione Marmo Onlus - Franchi Umberto Marmi - Since 1971","description":"The Fondazione Marmo began in February 2017, born out of a great love for the city of Carrara, to improve the quality of local life.","robots":{"index":"index","follow":"follow","max-snippet":"max-snippet:-1","max-image-preview":"max-image-preview:large","max-video-preview":"max-video-preview:-1"},"canonical":"https:\/\/www.fum.it\/en\/fondazione-marmo-onlus\/","og_locale":"en_US","og_type":"article","og_title":"Fondazione Marmo Onlus - Franchi Umberto Marmi - Since 1971","og_description":"The Fondazione Marmo began in February 2017, born out of a great love for the city of Carrara, to improve the quality of local life.","og_url":"https:\/\/www.fum.it\/en\/fondazione-marmo-onlus\/","og_site_name":"Franchi Umberto Marmi","article_modified_time":"2024-12-18T15:31:52+00:00","og_image":[{"url":"https:\/\/www.fum.it\/wp-content\/uploads\/2021\/03\/IMG_0314-Large.jpg","type":"","width":"","height":""}],"twitter_card":"summary_large_image","twitter_misc":{"Est. reading time":"3 minutes"},"schema":{"@context":"https:\/\/schema.org","@graph":[{"@type":"WebPage","@id":"https:\/\/www.fum.it\/en\/fondazione-marmo-onlus\/","url":"https:\/\/www.fum.it\/en\/fondazione-marmo-onlus\/","name":"Fondazione Marmo Onlus - Franchi Umberto Marmi - Since 1971","isPartOf":{"@id":"https:\/\/www.fum.it\/en\/#website"},"primaryImageOfPage":{"@id":"https:\/\/www.fum.it\/en\/fondazione-marmo-onlus\/#primaryimage"},"image":{"@id":"https:\/\/www.fum.it\/en\/fondazione-marmo-onlus\/#primaryimage"},"thumbnailUrl":"https:\/\/www.fum.it\/wp-content\/uploads\/2021\/03\/IMG_0314-Large.jpg","datePublished":"2020-11-02T16:41:35+00:00","dateModified":"2024-12-18T15:31:52+00:00","description":"The Fondazione Marmo began in February 2017, born out of a great love for the city of Carrara, to improve the quality of local life.","breadcrumb":{"@id":"https:\/\/www.fum.it\/en\/fondazione-marmo-onlus\/#breadcrumb"},"inLanguage":"en-US","potentialAction":[{"@type":"ReadAction","target":["https:\/\/www.fum.it\/en\/fondazione-marmo-onlus\/"]}]},{"@type":"ImageObject","inLanguage":"en-US","@id":"https:\/\/www.fum.it\/en\/fondazione-marmo-onlus\/#primaryimage","url":"https:\/\/www.fum.it\/wp-content\/uploads\/2021\/03\/IMG_0314-Large.jpg","contentUrl":"https:\/\/www.fum.it\/wp-content\/uploads\/2021\/03\/IMG_0314-Large.jpg"},{"@type":"BreadcrumbList","@id":"https:\/\/www.fum.it\/en\/fondazione-marmo-onlus\/#breadcrumb","itemListElement":[{"@type":"ListItem","position":1,"name":"Home","item":"https:\/\/www.fum.it\/en\/"},{"@type":"ListItem","position":2,"name":"Fondazione Marmo Onlus"}]},{"@type":"WebSite","@id":"https:\/\/www.fum.it\/en\/#website","url":"https:\/\/www.fum.it\/en\/","name":"Franchi Umberto Marmi","description":"","publisher":{"@id":"https:\/\/www.fum.it\/en\/#organization"},"potentialAction":[{"@type":"SearchAction","target":{"@type":"EntryPoint","urlTemplate":"https:\/\/www.fum.it\/en\/?s={search_term_string}"},"query-input":{"@type":"PropertyValueSpecification","valueRequired":true,"valueName":"search_term_string"}}],"inLanguage":"en-US"},{"@type":"Organization","@id":"https:\/\/www.fum.it\/en\/#organization","name":"Franchi Umberto Marmi","url":"https:\/\/www.fum.it\/en\/","logo":{"@type":"ImageObject","inLanguage":"en-US","@id":"https:\/\/www.fum.it\/en\/#\/schema\/logo\/image\/","url":"https:\/\/www.fum.it\/wp-content\/uploads\/2021\/03\/FRANCHI-UMBERTO-MARMI_logo-orizzontale-nero.png","contentUrl":"https:\/\/www.fum.it\/wp-content\/uploads\/2021\/03\/FRANCHI-UMBERTO-MARMI_logo-orizzontale-nero.png","width":2107,"height":247,"caption":"Franchi Umberto Marmi"},"image":{"@id":"https:\/\/www.fum.it\/en\/#\/schema\/logo\/image\/"}}]}},"_links":{"self":[{"href":"https:\/\/www.fum.it\/en\/wp-json\/wp\/v2\/pages\/1834","targetHints":{"allow":["GET"]}}],"collection":[{"href":"https:\/\/www.fum.it\/en\/wp-json\/wp\/v2\/pages"}],"about":[{"href":"https:\/\/www.fum.it\/en\/wp-json\/wp\/v2\/types\/page"}],"author":[{"embeddable":true,"href":"https:\/\/www.fum.it\/en\/wp-json\/wp\/v2\/users\/1"}],"replies":[{"embeddable":true,"href":"https:\/\/www.fum.it\/en\/wp-json\/wp\/v2\/comments?post=1834"}],"version-history":[{"count":2,"href":"https:\/\/www.fum.it\/en\/wp-json\/wp\/v2\/pages\/1834\/revisions"}],"predecessor-version":[{"id":265274,"href":"https:\/\/www.fum.it\/en\/wp-json\/wp\/v2\/pages\/1834\/revisions\/265274"}],"wp:attachment":[{"href":"https:\/\/www.fum.it\/en\/wp-json\/wp\/v2\/media?parent=1834"}],"curies":[{"name":"wp","href":"https:\/\/api.w.org\/{rel}","templated":true}]}}