{"id":1972,"date":"2021-02-20T10:54:59","date_gmt":"2021-02-20T10:54:59","guid":{"rendered":"https:\/\/www.fum.it\/corporate-governance\/organismo-di-vigilanza\/"},"modified":"2021-03-14T16:51:57","modified_gmt":"2021-03-14T16:51:57","slug":"supervisory-system","status":"publish","type":"page","link":"https:\/\/www.fum.it\/en\/supervisory-system\/","title":{"rendered":"Supervisory system"},"content":{"rendered":"<div class=\"wpb-content-wrapper\"><div class=\"vc_row wpb_row vc_row-fluid eltd-section vc_custom_1556102097095 eltd-content-aligment-left eltd-grid-section\">\n<div class=\"clearfix eltd-section-inner\">\n<div class=\"eltd-section-inner-margin clearfix\">\n<div class=\"wpb_column vc_column_container vc_col-sm-12\">\n<div class=\"vc_column-inner \">\n<div class=\"wpb_wrapper\">\n<div class=\"eltd-call-to-action normal\">\n<div class=\"eltd-call-to-action-row-80-20 clearfix\">\n<div class=\"eltd-text-wrapper eltd-call-to-action-column1 eltd-call-to-action-cell\">\n<div class=\"eltd-call-to-action-text\">Il\u00a0<strong>Decreto Legislativo 8 giugno 2001 n. 231<\/strong>\u00a0ha ad oggetto la \u201cDisciplina della responsabilit\u00e0 amministrativa delle persone giuridiche, delle societ\u00e0 e delle associazioni anche prive di personalit\u00e0 giuridica\u201d. Gli enti associativi, tra cui le societ\u00e0 di capitali, possono essere ritenuti responsabili in relazione a taluni reati commessi nel proprio interesse o vantaggio da soggetti appartenenti ai vertici aziendali o da dipendenti, collaboratori e consulenti esterni e soggetti terzi. In data 6 dicembre 2018 il Consiglio di Amministrazione di FRANCHI UMBERTO MARMI S.P.A. (di seguito \u201cla Societ\u00e0\u201d) ha approvato il proprio\u00a0<strong>Modello di organizzazione, gestione e controllo ex D.lgs. n. 231\/2001<\/strong>\u00a0(di seguito \u201cModello\u201d) allo scopo di soddisfare le condizioni necessarie per l\u2019esenzione della responsabilit\u00e0 amministrativa dell\u2019Ente, secondo quanto previsto dal D.lgs. 231\/2001.<\/div>\n<\/div>\n<div class=\"eltd-button-wrapper eltd-call-to-action-column2 eltd-call-to-action-cell\"><a class=\"eltd-btn eltd-btn-medium eltd-btn-solid eltd-btn-custom-hover-bg eltd-btn-custom-border-hover eltd-btn-custom-hover-color\" href=\"http:\/\/investors.franchigroup.it\/wp-content\/uploads\/2020\/10\/FUM-Spa_-Modello-D.Lgs_.n.-231-2001_Parte-Generale.pdf\" target=\"_self\" rel=\"noopener\" data-hover-bg-color=\"#cca868\" data-hover-color=\"#ffffff\" data-hover-border-color=\"#cca868\"><span class=\"eltd-btn-text\">SCARICA<\/span><\/a><\/div>\n<\/div>\n<\/div>\n<\/div>\n<\/div>\n<\/div>\n<\/div>\n<\/div>\n<\/div>\n<div class=\"vc_row wpb_row vc_row-fluid eltd-section vc_custom_1602169220470 eltd-content-aligment-left eltd-grid-section\">\n<div class=\"clearfix eltd-section-inner\">\n<div class=\"eltd-section-inner-margin clearfix\">\n<div class=\"wpb_column vc_column_container vc_col-sm-12\">\n<div class=\"vc_column-inner \">\n<div class=\"wpb_wrapper\">\n<div class=\"eltd-call-to-action normal\">\n<div class=\"eltd-call-to-action-row-80-20 clearfix\">\n<div class=\"eltd-text-wrapper eltd-call-to-action-column1 eltd-call-to-action-cell\">\n<div class=\"eltd-call-to-action-text\">La Societ\u00e0 ha inoltre adottato un\u00a0<strong>Codice Etico<\/strong>, il quale prevede che tutte le attivit\u00e0 aziendali debbano essere svolte nel rispetto della legge, secondo principi di seriet\u00e0, affidabilit\u00e0, professionalit\u00e0, integrit\u00e0, onest\u00e0, correttezza, rispetto e trasparenza, nonch\u00e9 nel rispetto degli interessi dei propri interlocutori esterni. Questi principi sono a fondamento dell\u2019impegno della Societ\u00e0 per una condotta etica senza compromessi, orientata a mantenere una reputazione solida e riconosciuta.<\/div>\n<\/div>\n<div class=\"eltd-button-wrapper eltd-call-to-action-column2 eltd-call-to-action-cell\"><a class=\"eltd-btn eltd-btn-medium eltd-btn-solid eltd-btn-custom-hover-bg eltd-btn-custom-border-hover eltd-btn-custom-hover-color\" href=\"http:\/\/investors.franchigroup.it\/wp-content\/uploads\/2020\/10\/FUM-Spa_Codice-Etico.pdf\" target=\"_self\" rel=\"noopener\" data-hover-bg-color=\"#cca868\" data-hover-color=\"#ffffff\" data-hover-border-color=\"#cca868\"><span class=\"eltd-btn-text\">SCARICA<\/span><\/a><\/div>\n<\/div>\n<\/div>\n<\/div>\n<\/div>\n<\/div>\n<\/div>\n<\/div>\n<\/div>\n<div class=\"vc_row wpb_row vc_row-fluid eltd-section vc_custom_1602169220470 eltd-content-aligment-left eltd-grid-section\">\n<div class=\"clearfix eltd-section-inner\">\n<div class=\"eltd-section-inner-margin clearfix\">\n<div class=\"wpb_column vc_column_container vc_col-sm-12\">\n<div class=\"vc_column-inner \">\n<div class=\"wpb_wrapper\">\n<div class=\"eltd-call-to-action normal\">\n<div class=\"eltd-call-to-action-row-80-20 clearfix\">\n<div class=\"eltd-text-wrapper eltd-call-to-action-column1 eltd-call-to-action-cell\">\n<div class=\"eltd-call-to-action-text\">La Societ\u00e0 ha istituito, ai sensi dell\u2019art. 6 comma 1 lett. b) del D.lgs. 231\/2001, il proprio\u00a0<strong>Organismo di Vigilanza\u00a0<\/strong>(OdV) in composizione collegiale, dotato di pieni ed autonomi poteri di iniziativa e di controllo sulle attivit\u00e0 della Societ\u00e0. L\u2019OdV \u00e8 incaricato di vigilare sull\u2019efficacia, sull\u2019aggiornamento e sull\u2019osservanza del Modello adottato dalla Societ\u00e0 e dei suoi elementi costituitivi, allo scopo di prevenire i reati dai quali possa derivare la responsabilit\u00e0 amministrativa dell\u2019Ente.<\/div>\n<\/div>\n<div class=\"eltd-button-wrapper eltd-call-to-action-column2 eltd-call-to-action-cell\"><a class=\"eltd-btn eltd-btn-medium eltd-btn-solid eltd-btn-custom-hover-bg eltd-btn-custom-border-hover eltd-btn-custom-hover-color\" href=\"http:\/\/investors.franchigroup.it\/wp-content\/uploads\/2020\/10\/03.pdf\" target=\"_self\" rel=\"noopener\" data-hover-bg-color=\"#cca868\" data-hover-color=\"#ffffff\" data-hover-border-color=\"#cca868\"><span class=\"eltd-btn-text\">SCARICA<\/span><\/a><\/div>\n<\/div>\n<\/div>\n<\/div>\n<\/div>\n<\/div>\n<\/div>\n<\/div>\n<\/div>\n<div class=\"vc_row wpb_row vc_row-fluid eltd-section vc_custom_1602169220470 eltd-content-aligment-left eltd-grid-section\">\n<div class=\"clearfix eltd-section-inner\">\n<div class=\"eltd-section-inner-margin clearfix\">\n<div class=\"wpb_column vc_column_container vc_col-sm-12\">\n<div class=\"vc_column-inner \">\n<div class=\"wpb_wrapper\">\n<div class=\"eltd-call-to-action normal\">\n<div class=\"eltd-call-to-action-row-80-20 clearfix\">\n<div class=\"eltd-text-wrapper eltd-call-to-action-column1 eltd-call-to-action-cell\">\n<div class=\"eltd-call-to-action-text\">Affinch\u00e9 lo stesso OdV possa adempiere al proprio incarico, la Societ\u00e0 ha istituito un sistema di\u00a0<strong>scambio di informazioni<\/strong>\u00a0in base al quale i dipendenti, nonch\u00e9 coloro che cooperano al perseguimento dei fini della Societ\u00e0, sono tenuti ad informare tempestivamente l\u2019Organismo di Vigilanza in ordine ad ogni violazione del Modello e dei suoi elementi costitutivi, nonch\u00e9 in ordine ad ogni altro aspetto potenzialmente rilevante ai fini dell\u2019applicazione del D.lgs. 231\/2001 (es. situazioni illegali o eticamente scorrette). Tutte le comunicazioni verso l\u2019Organismo di Vigilanza (segnalazioni o flussi informativi periodici) devono essere effettuate attraverso l\u2019utilizzo dell\u2019apposito\u00a0<strong>indirizzo di posta elettronica\u00a0<\/strong>di seguito indicato:<br \/>\n<strong><a href=\"mailto:odv@fum.it\" target=\"_self\" rel=\"noopener noreferrer\">odv@fum.it<\/a><\/strong><br \/>\nQualora i destinatari del Modello e del Codice Etico pongano in essere comportamenti in violazione dei principi e delle regole in essi contenuti, incorreranno nei provvedimenti disciplinari previsti dal\u00a0<strong>Sistema Sanzionatorio 231<\/strong>, parte integrante del Modello stesso.<\/div>\n<\/div>\n<div class=\"eltd-button-wrapper eltd-call-to-action-column2 eltd-call-to-action-cell\"><a class=\"eltd-btn eltd-btn-medium eltd-btn-solid eltd-btn-custom-hover-bg eltd-btn-custom-border-hover eltd-btn-custom-hover-color\" href=\"http:\/\/investors.franchigroup.it\/wp-content\/uploads\/2020\/10\/04.pdf\" target=\"_self\" rel=\"noopener\" data-hover-bg-color=\"#cca868\" data-hover-color=\"#ffffff\" data-hover-border-color=\"#cca868\"><span class=\"eltd-btn-text\">SCARICA<\/span><\/a><\/div>\n<\/div>\n<\/div>\n<\/div>\n<\/div>\n<\/div>\n<\/div>\n<\/div>\n<\/div>\n<\/div>","protected":false},"excerpt":{"rendered":"<p>Il\u00a0Decreto Legislativo 8 giugno 2001 n. 231\u00a0ha ad oggetto la \u201cDisciplina della responsabilit\u00e0 amministrativa delle persone giuridiche, delle societ\u00e0 e delle associazioni anche prive di personalit\u00e0 giuridica\u201d. Gli enti associativi, tra cui le societ\u00e0 di capitali, possono essere ritenuti responsabili in relazione a taluni reati commessi nel proprio interesse o vantaggio da soggetti appartenenti ai [&hellip;]<\/p>\n","protected":false},"author":1,"featured_media":0,"parent":0,"menu_order":110,"comment_status":"closed","ping_status":"closed","template":"templates\/template-odv.php","meta":{"_acf_changed":false,"footnotes":""},"class_list":["post-1972","page","type-page","status-publish","hentry"],"acf":[],"yoast_head":"<!-- This site is optimized with the Yoast SEO plugin v27.4 - https:\/\/yoast.com\/product\/yoast-seo-wordpress\/ -->\n<title>Supervisory system - Franchi Umberto Marmi<\/title>\n<meta name=\"robots\" content=\"index, follow, max-snippet:-1, max-image-preview:large, max-video-preview:-1\" \/>\n<link rel=\"canonical\" href=\"https:\/\/www.fum.it\/en\/supervisory-system\/\" \/>\n<meta property=\"og:locale\" content=\"en_US\" \/>\n<meta property=\"og:type\" content=\"article\" \/>\n<meta property=\"og:title\" content=\"Supervisory system - Franchi Umberto Marmi\" \/>\n<meta property=\"og:description\" content=\"Il\u00a0Decreto Legislativo 8 giugno 2001 n. 231\u00a0ha ad oggetto la \u201cDisciplina della responsabilit\u00e0 amministrativa delle persone giuridiche, delle societ\u00e0 e delle associazioni anche prive di personalit\u00e0 giuridica\u201d. Gli enti associativi, tra cui le societ\u00e0 di capitali, possono essere ritenuti responsabili in relazione a taluni reati commessi nel proprio interesse o vantaggio da soggetti appartenenti ai [&hellip;]\" \/>\n<meta property=\"og:url\" content=\"https:\/\/www.fum.it\/en\/supervisory-system\/\" \/>\n<meta property=\"og:site_name\" content=\"Franchi Umberto Marmi\" \/>\n<meta property=\"article:modified_time\" content=\"2021-03-14T16:51:57+00:00\" \/>\n<meta name=\"twitter:card\" content=\"summary_large_image\" \/>\n<meta name=\"twitter:label1\" content=\"Est. reading time\" \/>\n\t<meta name=\"twitter:data1\" content=\"2 minutes\" \/>\n<script type=\"application\/ld+json\" class=\"yoast-schema-graph\">{\"@context\":\"https:\\\/\\\/schema.org\",\"@graph\":[{\"@type\":\"WebPage\",\"@id\":\"https:\\\/\\\/www.fum.it\\\/en\\\/supervisory-system\\\/\",\"url\":\"https:\\\/\\\/www.fum.it\\\/en\\\/supervisory-system\\\/\",\"name\":\"Supervisory system - Franchi Umberto Marmi\",\"isPartOf\":{\"@id\":\"https:\\\/\\\/www.fum.it\\\/en\\\/#website\"},\"datePublished\":\"2021-02-20T10:54:59+00:00\",\"dateModified\":\"2021-03-14T16:51:57+00:00\",\"breadcrumb\":{\"@id\":\"https:\\\/\\\/www.fum.it\\\/en\\\/supervisory-system\\\/#breadcrumb\"},\"inLanguage\":\"en-US\",\"potentialAction\":[{\"@type\":\"ReadAction\",\"target\":[\"https:\\\/\\\/www.fum.it\\\/en\\\/supervisory-system\\\/\"]}]},{\"@type\":\"BreadcrumbList\",\"@id\":\"https:\\\/\\\/www.fum.it\\\/en\\\/supervisory-system\\\/#breadcrumb\",\"itemListElement\":[{\"@type\":\"ListItem\",\"position\":1,\"name\":\"Home\",\"item\":\"https:\\\/\\\/www.fum.it\\\/en\\\/\"},{\"@type\":\"ListItem\",\"position\":2,\"name\":\"Corporate Governance\",\"item\":\"https:\\\/\\\/www.fum.it\\\/en\\\/?page_id=1970\"},{\"@type\":\"ListItem\",\"position\":3,\"name\":\"Supervisory system\"}]},{\"@type\":\"WebSite\",\"@id\":\"https:\\\/\\\/www.fum.it\\\/en\\\/#website\",\"url\":\"https:\\\/\\\/www.fum.it\\\/en\\\/\",\"name\":\"Franchi Umberto Marmi\",\"description\":\"\",\"publisher\":{\"@id\":\"https:\\\/\\\/www.fum.it\\\/en\\\/#organization\"},\"potentialAction\":[{\"@type\":\"SearchAction\",\"target\":{\"@type\":\"EntryPoint\",\"urlTemplate\":\"https:\\\/\\\/www.fum.it\\\/en\\\/?s={search_term_string}\"},\"query-input\":{\"@type\":\"PropertyValueSpecification\",\"valueRequired\":true,\"valueName\":\"search_term_string\"}}],\"inLanguage\":\"en-US\"},{\"@type\":\"Organization\",\"@id\":\"https:\\\/\\\/www.fum.it\\\/en\\\/#organization\",\"name\":\"Franchi Umberto Marmi\",\"url\":\"https:\\\/\\\/www.fum.it\\\/en\\\/\",\"logo\":{\"@type\":\"ImageObject\",\"inLanguage\":\"en-US\",\"@id\":\"https:\\\/\\\/www.fum.it\\\/en\\\/#\\\/schema\\\/logo\\\/image\\\/\",\"url\":\"https:\\\/\\\/www.fum.it\\\/wp-content\\\/uploads\\\/2021\\\/03\\\/FRANCHI-UMBERTO-MARMI_logo-orizzontale-nero.png\",\"contentUrl\":\"https:\\\/\\\/www.fum.it\\\/wp-content\\\/uploads\\\/2021\\\/03\\\/FRANCHI-UMBERTO-MARMI_logo-orizzontale-nero.png\",\"width\":2107,\"height\":247,\"caption\":\"Franchi Umberto Marmi\"},\"image\":{\"@id\":\"https:\\\/\\\/www.fum.it\\\/en\\\/#\\\/schema\\\/logo\\\/image\\\/\"}}]}<\/script>\n<!-- \/ Yoast SEO plugin. -->","yoast_head_json":{"title":"Supervisory system - Franchi Umberto Marmi","robots":{"index":"index","follow":"follow","max-snippet":"max-snippet:-1","max-image-preview":"max-image-preview:large","max-video-preview":"max-video-preview:-1"},"canonical":"https:\/\/www.fum.it\/en\/supervisory-system\/","og_locale":"en_US","og_type":"article","og_title":"Supervisory system - Franchi Umberto Marmi","og_description":"Il\u00a0Decreto Legislativo 8 giugno 2001 n. 231\u00a0ha ad oggetto la \u201cDisciplina della responsabilit\u00e0 amministrativa delle persone giuridiche, delle societ\u00e0 e delle associazioni anche prive di personalit\u00e0 giuridica\u201d. Gli enti associativi, tra cui le societ\u00e0 di capitali, possono essere ritenuti responsabili in relazione a taluni reati commessi nel proprio interesse o vantaggio da soggetti appartenenti ai [&hellip;]","og_url":"https:\/\/www.fum.it\/en\/supervisory-system\/","og_site_name":"Franchi Umberto Marmi","article_modified_time":"2021-03-14T16:51:57+00:00","twitter_card":"summary_large_image","twitter_misc":{"Est. reading time":"2 minutes"},"schema":{"@context":"https:\/\/schema.org","@graph":[{"@type":"WebPage","@id":"https:\/\/www.fum.it\/en\/supervisory-system\/","url":"https:\/\/www.fum.it\/en\/supervisory-system\/","name":"Supervisory system - Franchi Umberto Marmi","isPartOf":{"@id":"https:\/\/www.fum.it\/en\/#website"},"datePublished":"2021-02-20T10:54:59+00:00","dateModified":"2021-03-14T16:51:57+00:00","breadcrumb":{"@id":"https:\/\/www.fum.it\/en\/supervisory-system\/#breadcrumb"},"inLanguage":"en-US","potentialAction":[{"@type":"ReadAction","target":["https:\/\/www.fum.it\/en\/supervisory-system\/"]}]},{"@type":"BreadcrumbList","@id":"https:\/\/www.fum.it\/en\/supervisory-system\/#breadcrumb","itemListElement":[{"@type":"ListItem","position":1,"name":"Home","item":"https:\/\/www.fum.it\/en\/"},{"@type":"ListItem","position":2,"name":"Corporate Governance","item":"https:\/\/www.fum.it\/en\/?page_id=1970"},{"@type":"ListItem","position":3,"name":"Supervisory system"}]},{"@type":"WebSite","@id":"https:\/\/www.fum.it\/en\/#website","url":"https:\/\/www.fum.it\/en\/","name":"Franchi Umberto Marmi","description":"","publisher":{"@id":"https:\/\/www.fum.it\/en\/#organization"},"potentialAction":[{"@type":"SearchAction","target":{"@type":"EntryPoint","urlTemplate":"https:\/\/www.fum.it\/en\/?s={search_term_string}"},"query-input":{"@type":"PropertyValueSpecification","valueRequired":true,"valueName":"search_term_string"}}],"inLanguage":"en-US"},{"@type":"Organization","@id":"https:\/\/www.fum.it\/en\/#organization","name":"Franchi Umberto Marmi","url":"https:\/\/www.fum.it\/en\/","logo":{"@type":"ImageObject","inLanguage":"en-US","@id":"https:\/\/www.fum.it\/en\/#\/schema\/logo\/image\/","url":"https:\/\/www.fum.it\/wp-content\/uploads\/2021\/03\/FRANCHI-UMBERTO-MARMI_logo-orizzontale-nero.png","contentUrl":"https:\/\/www.fum.it\/wp-content\/uploads\/2021\/03\/FRANCHI-UMBERTO-MARMI_logo-orizzontale-nero.png","width":2107,"height":247,"caption":"Franchi Umberto Marmi"},"image":{"@id":"https:\/\/www.fum.it\/en\/#\/schema\/logo\/image\/"}}]}},"_links":{"self":[{"href":"https:\/\/www.fum.it\/en\/wp-json\/wp\/v2\/pages\/1972","targetHints":{"allow":["GET"]}}],"collection":[{"href":"https:\/\/www.fum.it\/en\/wp-json\/wp\/v2\/pages"}],"about":[{"href":"https:\/\/www.fum.it\/en\/wp-json\/wp\/v2\/types\/page"}],"author":[{"embeddable":true,"href":"https:\/\/www.fum.it\/en\/wp-json\/wp\/v2\/users\/1"}],"replies":[{"embeddable":true,"href":"https:\/\/www.fum.it\/en\/wp-json\/wp\/v2\/comments?post=1972"}],"version-history":[{"count":2,"href":"https:\/\/www.fum.it\/en\/wp-json\/wp\/v2\/pages\/1972\/revisions"}],"predecessor-version":[{"id":2036,"href":"https:\/\/www.fum.it\/en\/wp-json\/wp\/v2\/pages\/1972\/revisions\/2036"}],"wp:attachment":[{"href":"https:\/\/www.fum.it\/en\/wp-json\/wp\/v2\/media?parent=1972"}],"curies":[{"name":"wp","href":"https:\/\/api.w.org\/{rel}","templated":true}]}}