{"id":2013,"date":"2021-03-14T13:15:38","date_gmt":"2021-03-14T13:15:38","guid":{"rendered":"https:\/\/www.fum.it\/informativa-clienti-e-fornitori\/"},"modified":"2021-03-24T18:21:25","modified_gmt":"2021-03-24T18:21:25","slug":"informativa-clienti-e-fornitori","status":"publish","type":"page","link":"https:\/\/www.fum.it\/en\/informativa-clienti-e-fornitori\/","title":{"rendered":"Informativa clienti e fornitori"},"content":{"rendered":"<p><strong>INFORMATIVA CLIENTI E FORNITORI<\/strong><\/p>\n<p><strong>AI SENSI DELL\u2019ART. 13 DEL REGOLAMENTO UE 2016\/679<\/strong><\/p>\n<p>Ai sensi dell&#8217;articolo 13 del Regolamento UE 679\/2016 (di seguito anche \u201cRegolamento\u201d), la Societ\u00e0 FRANCHI UMBERTO MARMI S.PA., in qualit\u00e0 di Titolare del trattamento dei dati, La informa che i dati personali da Lei forniti (di seguito anche \u201cinteressato\u201d) saranno trattati in modo pertinente e trasparente e nel rispetto dei principi di liceit\u00e0 e necessit\u00e0, secondo le vigenti disposizioni in materia.<\/p>\n<p>I dati personali sono riferiti direttamente alla Vs. organizzazione se \u00e8 una persona fisica o ditta individuale, oppure possono essere costituiti da informazioni riferite a persone fisiche che rappresentano, appartengono o sono comunque legate a qualsiasi titolo alla vs. organizzazione se \u00e8 una societ\u00e0 di capitali o un\u2019altra entit\u00e0 pubblica o privata.<\/p>\n<p><strong>Titolare del trattamento<\/strong><\/p>\n<p>Il Titolare del trattamento \u00e8 FRANCHI UMBERTO MARMI S.P.A.con sede in Carrara, Via Del Bravo, n. 14-16 (di seguito, anche solo \u201cFRANCHI UMBERTO MARMI\u201d o la \u201cSociet\u00e0\u201d), che pu\u00f2 essere contattato mediante: comunicazione scritta indirizzata a FRANCHI UMBERTO MARMI S.P.A., Via Del Bravo, n. 14-16 Carrara (MS) 54033, per telefono al n. 0585 70057, per e-mail all\u2019indirizzo fragroup@tin.it<\/p>\n<p><strong>Finalit\u00e0 del Trattamento<\/strong><\/p>\n<p>La informiamo che il trattamento dei dati personali avverr\u00e0 per finalit\u00e0 istituzionali, connesse o strumentali all&#8217;attivit\u00e0 svolta dal Titolare del trattamento, e quindi per: esigenze precontrattuali, dare esecuzione alle prestazioni contrattualmente convenute, adempiere ad obblighi di legge di natura contabile e amministrativa, adempiere a tutti gli obblighi di legge posti a carico del Titolare del trattamento.<\/p>\n<p><strong>Base giuridica del trattamento<\/strong><\/p>\n<p>La base giuridica del trattamento dei dati \u00e8 rappresentata dallo specifico rapporto contrattuale instaurato e dall\u2019adempimento agli obblighi di legge ad esso connessi. Il trattamento dei dati da lei forniti \u00e8 necessario all\u2019esecuzione del rapporto contrattuale citato del quale lei \u00e8 parte. L\u2019eventuale mancato consenso al trattamento comporta l\u2019impossibilit\u00e0 di procedere alla esecuzione del contratto stesso.<\/p>\n<p><strong>Modalit\u00e0 del trattamento dei dati<\/strong><\/p>\n<p>Il trattamento dei dati personali avverr\u00e0, ordinariamente, mediante strumenti cartacei, informatici o telematici e previa adozione di misure di sicurezza adeguate a garantire la sicurezza e la riservatezza dei suoi dati personali, al fine di prevenire la perdita dei dati, usi illeciti o non corretti ed accessi non autorizzati.<\/p>\n<p>Il Titolare ha altres\u00ec nominato uno o pi\u00f9 Responsabili interni e autorizzati interni del trattamento. Gli autorizzati interni appartengono alle aree funzionali omogenee aziendali che necessitano di trattare i dati per le finalit\u00e0 indicate nella presente informativa.<\/p>\n<p>Il trattamento dei dati personali forniti potr\u00e0 essere effettuato:<\/p>\n<p>da soggetti (persone fisiche e\/o giuridiche) nominati responsabili di trattamento ex art. 28 del Regolamento UE citato, che, per conto del Titolare del trattamento, svolgano attivit\u00e0 connesse, strumentali o di supporto a quella del Titolare del trattamento.<br \/>\nL\u2019elenco aggiornato dei responsabili e delle persone autorizzate al trattamento \u00e8 consultabile presso la sede del Titolare del trattamento.<br \/>\nI dati personali forniti dagli utenti potranno essere trasferiti anche ad autonomi Titolari, contitolari e responsabili esterni del trattamento in ottemperanza alle norme stabilite dal Regolamento UE n. 679\/2016 e dalle altre norme vigenti applicabili.<\/p>\n<p><strong>Periodo di conservazione dei dati personali<\/strong><\/p>\n<p>Nel rispetto dei principi di proporzionalit\u00e0 e necessit\u00e0, i dati non saranno conservati per periodi pi\u00f9 lunghi rispetto a quelli indispensabili al raggiungimento delle finalit\u00e0 sopra indicate e, dunque, per il tempo necessario all\u2019esecuzione del contratto, comunque nei limiti di quanto stabilito dalle norme di legge in materia.<\/p>\n<p><strong>Destinatari dei dati personali<\/strong><\/p>\n<p>I dati raccolti saranno trattati esclusivamente nell\u2019ambito delle finalit\u00e0 sopra menzionate. Ferma la comunicazione a terzi operata in esecuzione di obblighi di legge o derivanti da regolamenti o altra normativa comunitaria, o su richiesta di uffici giudiziari o altri soggetti terzi a cui la facolt\u00e0 sia riconosciuta dalle suddette disposizioni, i dati potranno essere comunicati alle seguenti categorie di terzi destinatari:<\/p>\n<p>a societ\u00e0 partecipate o collegate;<br \/>\na soggetti ai quali la facolt\u00e0 di accedere ai Vostri dati personali sia riconosciuta da disposizioni di legge, da regolamenti o dalla normativa comunitaria;<br \/>\na soggetti nei confronti dei quali la comunicazione sia prevista da norme di legge o di regolamento, in materia fiscale, amministrativa e finanziaria, ovvero da soggetti pubblici per lo svolgimento delle loro funzioni istituzionali.<br \/>\nDiritti dell\u2019interessato (art. 15 e ss. del Regolamento)<\/p>\n<p>Lei ha il diritto di chiedere al Titolare del trattamento l&#8217;accesso ai propri dati, la rettifica, la cancellazione degli stessi e la limitazione del trattamento che lo riguarda. L\u2019interessato pu\u00f2 opporsi al trattamento dei propri dati ed esercitare il diritto alla portabilit\u00e0 degli stessi nonch\u00e9 proporre reclamo all\u2019Autorit\u00e0 Garante per la protezione dei dati personali ai sensi dell\u2019art. 77 del Regolamento UE 679\/2016.<\/p>\n<p><strong>Trasferimento dei Dati all\u2019estero<\/strong><\/p>\n<p>La ns. Societ\u00e0 non trasferisce dati a un paese terzo o a un\u2019organizzazione internazionale. Nel caso in cui ci\u00f2 dovesse avvenire in futuro, provvederemo a fornire una separata previa informativa relativa all\u2019illustrazione delle idonee garanzie di legge che devono assistere tale trasferimento.<\/p>\n","protected":false},"excerpt":{"rendered":"<p>INFORMATIVA CLIENTI E FORNITORI AI SENSI DELL\u2019ART. 13 DEL REGOLAMENTO UE 2016\/679 Ai sensi dell&#8217;articolo 13 del Regolamento UE 679\/2016 (di seguito anche \u201cRegolamento\u201d), la Societ\u00e0 FRANCHI UMBERTO MARMI S.PA., in qualit\u00e0 di Titolare del trattamento dei dati, La informa che i dati personali da Lei forniti (di seguito anche \u201cinteressato\u201d) saranno trattati in modo [&hellip;]<\/p>\n","protected":false},"author":1,"featured_media":0,"parent":0,"menu_order":20,"comment_status":"closed","ping_status":"closed","template":"","meta":{"_acf_changed":false,"footnotes":""},"class_list":["post-2013","page","type-page","status-publish","hentry"],"acf":[],"yoast_head":"<!-- This site is optimized with the Yoast SEO plugin v27.5 - https:\/\/yoast.com\/product\/yoast-seo-wordpress\/ -->\n<title>Informativa clienti e fornitori - Franchi Umberto Marmi<\/title>\n<meta name=\"robots\" content=\"index, follow, max-snippet:-1, max-image-preview:large, max-video-preview:-1\" \/>\n<link rel=\"canonical\" href=\"https:\/\/www.fum.it\/en\/informativa-clienti-e-fornitori\/\" \/>\n<meta property=\"og:locale\" content=\"en_US\" \/>\n<meta property=\"og:type\" content=\"article\" \/>\n<meta property=\"og:title\" content=\"Informativa clienti e fornitori - Franchi Umberto Marmi\" \/>\n<meta property=\"og:description\" content=\"INFORMATIVA CLIENTI E FORNITORI AI SENSI DELL\u2019ART. 13 DEL REGOLAMENTO UE 2016\/679 Ai sensi dell&#8217;articolo 13 del Regolamento UE 679\/2016 (di seguito anche \u201cRegolamento\u201d), la Societ\u00e0 FRANCHI UMBERTO MARMI S.PA., in qualit\u00e0 di Titolare del trattamento dei dati, La informa che i dati personali da Lei forniti (di seguito anche \u201cinteressato\u201d) saranno trattati in modo [&hellip;]\" \/>\n<meta property=\"og:url\" content=\"https:\/\/www.fum.it\/en\/informativa-clienti-e-fornitori\/\" \/>\n<meta property=\"og:site_name\" content=\"Franchi Umberto Marmi\" \/>\n<meta property=\"article:modified_time\" content=\"2021-03-24T18:21:25+00:00\" \/>\n<meta name=\"twitter:card\" content=\"summary_large_image\" \/>\n<meta name=\"twitter:label1\" content=\"Est. reading time\" \/>\n\t<meta name=\"twitter:data1\" content=\"4 minutes\" \/>\n<script type=\"application\/ld+json\" class=\"yoast-schema-graph\">{\"@context\":\"https:\\\/\\\/schema.org\",\"@graph\":[{\"@type\":\"WebPage\",\"@id\":\"https:\\\/\\\/www.fum.it\\\/en\\\/informativa-clienti-e-fornitori\\\/\",\"url\":\"https:\\\/\\\/www.fum.it\\\/en\\\/informativa-clienti-e-fornitori\\\/\",\"name\":\"Informativa clienti e fornitori - Franchi Umberto Marmi\",\"isPartOf\":{\"@id\":\"https:\\\/\\\/www.fum.it\\\/en\\\/#website\"},\"datePublished\":\"2021-03-14T13:15:38+00:00\",\"dateModified\":\"2021-03-24T18:21:25+00:00\",\"breadcrumb\":{\"@id\":\"https:\\\/\\\/www.fum.it\\\/en\\\/informativa-clienti-e-fornitori\\\/#breadcrumb\"},\"inLanguage\":\"en-US\",\"potentialAction\":[{\"@type\":\"ReadAction\",\"target\":[\"https:\\\/\\\/www.fum.it\\\/en\\\/informativa-clienti-e-fornitori\\\/\"]}]},{\"@type\":\"BreadcrumbList\",\"@id\":\"https:\\\/\\\/www.fum.it\\\/en\\\/informativa-clienti-e-fornitori\\\/#breadcrumb\",\"itemListElement\":[{\"@type\":\"ListItem\",\"position\":1,\"name\":\"Home\",\"item\":\"https:\\\/\\\/www.fum.it\\\/en\\\/\"},{\"@type\":\"ListItem\",\"position\":2,\"name\":\"Informativa clienti e fornitori\"}]},{\"@type\":\"WebSite\",\"@id\":\"https:\\\/\\\/www.fum.it\\\/en\\\/#website\",\"url\":\"https:\\\/\\\/www.fum.it\\\/en\\\/\",\"name\":\"Franchi Umberto Marmi\",\"description\":\"\",\"publisher\":{\"@id\":\"https:\\\/\\\/www.fum.it\\\/en\\\/#organization\"},\"potentialAction\":[{\"@type\":\"SearchAction\",\"target\":{\"@type\":\"EntryPoint\",\"urlTemplate\":\"https:\\\/\\\/www.fum.it\\\/en\\\/?s={search_term_string}\"},\"query-input\":{\"@type\":\"PropertyValueSpecification\",\"valueRequired\":true,\"valueName\":\"search_term_string\"}}],\"inLanguage\":\"en-US\"},{\"@type\":\"Organization\",\"@id\":\"https:\\\/\\\/www.fum.it\\\/en\\\/#organization\",\"name\":\"Franchi Umberto Marmi\",\"url\":\"https:\\\/\\\/www.fum.it\\\/en\\\/\",\"logo\":{\"@type\":\"ImageObject\",\"inLanguage\":\"en-US\",\"@id\":\"https:\\\/\\\/www.fum.it\\\/en\\\/#\\\/schema\\\/logo\\\/image\\\/\",\"url\":\"https:\\\/\\\/www.fum.it\\\/wp-content\\\/uploads\\\/2021\\\/03\\\/FRANCHI-UMBERTO-MARMI_logo-orizzontale-nero.png\",\"contentUrl\":\"https:\\\/\\\/www.fum.it\\\/wp-content\\\/uploads\\\/2021\\\/03\\\/FRANCHI-UMBERTO-MARMI_logo-orizzontale-nero.png\",\"width\":2107,\"height\":247,\"caption\":\"Franchi Umberto Marmi\"},\"image\":{\"@id\":\"https:\\\/\\\/www.fum.it\\\/en\\\/#\\\/schema\\\/logo\\\/image\\\/\"}}]}<\/script>\n<!-- \/ Yoast SEO plugin. -->","yoast_head_json":{"title":"Informativa clienti e fornitori - Franchi Umberto Marmi","robots":{"index":"index","follow":"follow","max-snippet":"max-snippet:-1","max-image-preview":"max-image-preview:large","max-video-preview":"max-video-preview:-1"},"canonical":"https:\/\/www.fum.it\/en\/informativa-clienti-e-fornitori\/","og_locale":"en_US","og_type":"article","og_title":"Informativa clienti e fornitori - Franchi Umberto Marmi","og_description":"INFORMATIVA CLIENTI E FORNITORI AI SENSI DELL\u2019ART. 13 DEL REGOLAMENTO UE 2016\/679 Ai sensi dell&#8217;articolo 13 del Regolamento UE 679\/2016 (di seguito anche \u201cRegolamento\u201d), la Societ\u00e0 FRANCHI UMBERTO MARMI S.PA., in qualit\u00e0 di Titolare del trattamento dei dati, La informa che i dati personali da Lei forniti (di seguito anche \u201cinteressato\u201d) saranno trattati in modo [&hellip;]","og_url":"https:\/\/www.fum.it\/en\/informativa-clienti-e-fornitori\/","og_site_name":"Franchi Umberto Marmi","article_modified_time":"2021-03-24T18:21:25+00:00","twitter_card":"summary_large_image","twitter_misc":{"Est. reading time":"4 minutes"},"schema":{"@context":"https:\/\/schema.org","@graph":[{"@type":"WebPage","@id":"https:\/\/www.fum.it\/en\/informativa-clienti-e-fornitori\/","url":"https:\/\/www.fum.it\/en\/informativa-clienti-e-fornitori\/","name":"Informativa clienti e fornitori - Franchi Umberto Marmi","isPartOf":{"@id":"https:\/\/www.fum.it\/en\/#website"},"datePublished":"2021-03-14T13:15:38+00:00","dateModified":"2021-03-24T18:21:25+00:00","breadcrumb":{"@id":"https:\/\/www.fum.it\/en\/informativa-clienti-e-fornitori\/#breadcrumb"},"inLanguage":"en-US","potentialAction":[{"@type":"ReadAction","target":["https:\/\/www.fum.it\/en\/informativa-clienti-e-fornitori\/"]}]},{"@type":"BreadcrumbList","@id":"https:\/\/www.fum.it\/en\/informativa-clienti-e-fornitori\/#breadcrumb","itemListElement":[{"@type":"ListItem","position":1,"name":"Home","item":"https:\/\/www.fum.it\/en\/"},{"@type":"ListItem","position":2,"name":"Informativa clienti e fornitori"}]},{"@type":"WebSite","@id":"https:\/\/www.fum.it\/en\/#website","url":"https:\/\/www.fum.it\/en\/","name":"Franchi Umberto Marmi","description":"","publisher":{"@id":"https:\/\/www.fum.it\/en\/#organization"},"potentialAction":[{"@type":"SearchAction","target":{"@type":"EntryPoint","urlTemplate":"https:\/\/www.fum.it\/en\/?s={search_term_string}"},"query-input":{"@type":"PropertyValueSpecification","valueRequired":true,"valueName":"search_term_string"}}],"inLanguage":"en-US"},{"@type":"Organization","@id":"https:\/\/www.fum.it\/en\/#organization","name":"Franchi Umberto Marmi","url":"https:\/\/www.fum.it\/en\/","logo":{"@type":"ImageObject","inLanguage":"en-US","@id":"https:\/\/www.fum.it\/en\/#\/schema\/logo\/image\/","url":"https:\/\/www.fum.it\/wp-content\/uploads\/2021\/03\/FRANCHI-UMBERTO-MARMI_logo-orizzontale-nero.png","contentUrl":"https:\/\/www.fum.it\/wp-content\/uploads\/2021\/03\/FRANCHI-UMBERTO-MARMI_logo-orizzontale-nero.png","width":2107,"height":247,"caption":"Franchi Umberto Marmi"},"image":{"@id":"https:\/\/www.fum.it\/en\/#\/schema\/logo\/image\/"}}]}},"_links":{"self":[{"href":"https:\/\/www.fum.it\/en\/wp-json\/wp\/v2\/pages\/2013","targetHints":{"allow":["GET"]}}],"collection":[{"href":"https:\/\/www.fum.it\/en\/wp-json\/wp\/v2\/pages"}],"about":[{"href":"https:\/\/www.fum.it\/en\/wp-json\/wp\/v2\/types\/page"}],"author":[{"embeddable":true,"href":"https:\/\/www.fum.it\/en\/wp-json\/wp\/v2\/users\/1"}],"replies":[{"embeddable":true,"href":"https:\/\/www.fum.it\/en\/wp-json\/wp\/v2\/comments?post=2013"}],"version-history":[{"count":1,"href":"https:\/\/www.fum.it\/en\/wp-json\/wp\/v2\/pages\/2013\/revisions"}],"predecessor-version":[{"id":8787,"href":"https:\/\/www.fum.it\/en\/wp-json\/wp\/v2\/pages\/2013\/revisions\/8787"}],"wp:attachment":[{"href":"https:\/\/www.fum.it\/en\/wp-json\/wp\/v2\/media?parent=2013"}],"curies":[{"name":"wp","href":"https:\/\/api.w.org\/{rel}","templated":true}]}}